{"id":12696,"date":"2025-02-27T10:31:54","date_gmt":"2025-02-27T09:31:54","guid":{"rendered":"https:\/\/mediadorconflictos.com\/les-devoirs-deontologiques-des-avocats\/"},"modified":"2025-05-14T12:53:50","modified_gmt":"2025-05-14T10:53:50","slug":"les-devoirs-deontologiques-des-avocats","status":"publish","type":"page","link":"https:\/\/mediadorconflictos.com\/fr\/les-devoirs-deontologiques-des-avocats\/","title":{"rendered":"Les devoirs d\u00e9ontologiques des avocats"},"content":{"rendered":"\t\t<div data-elementor-type=\"wp-page\" data-elementor-id=\"12696\" class=\"elementor elementor-12696 elementor-11164\">\n\t\t\t\t<div class=\"elementor-element elementor-element-ff08a0b e-con-full e-flex parallax_section_no qode_elementor_container_no e-con e-parent\" data-id=\"ff08a0b\" data-element_type=\"container\" data-settings=\"{&quot;background_background&quot;:&quot;classic&quot;}\">\n\t\t<div class=\"elementor-element elementor-element-95f0a6d e-flex e-con-boxed parallax_section_no qode_elementor_container_no e-con e-child\" data-id=\"95f0a6d\" data-element_type=\"container\">\n\t\t\t\t\t<div class=\"e-con-inner\">\n\t\t\t\t<div class=\"elementor-element elementor-element-efa2830 elementor-widget elementor-widget-heading\" data-id=\"efa2830\" data-element_type=\"widget\" data-widget_type=\"heading.default\">\n\t\t\t\t<div class=\"elementor-widget-container\">\n\t\t\t\t\t<h1 class=\"elementor-heading-title elementor-size-default\">Les devoirs d\u00e9ontologiques<\/h1>\t\t\t\t<\/div>\n\t\t\t\t<\/div>\n\t\t\t\t<div class=\"elementor-element elementor-element-7cec2e0 elementor-widget elementor-widget-heading\" data-id=\"7cec2e0\" data-element_type=\"widget\" data-widget_type=\"heading.default\">\n\t\t\t\t<div class=\"elementor-widget-container\">\n\t\t\t\t\t<p class=\"elementor-heading-title elementor-size-default\">des m\u00e9diateurs de conflits et des avocats (en tant qu'agents de paix et promoteurs de la concorde)<\/p>\t\t\t\t<\/div>\n\t\t\t\t<\/div>\n\t\t\t\t\t<\/div>\n\t\t\t\t<\/div>\n\t\t\t\t<\/div>\n\t\t<div class=\"elementor-element elementor-element-753d034 e-flex e-con-boxed parallax_section_no qode_elementor_container_no e-con e-parent\" data-id=\"753d034\" data-element_type=\"container\">\n\t\t\t\t\t<div class=\"e-con-inner\">\n\t\t<div class=\"elementor-element elementor-element-d25d0e6 e-con-full e-flex parallax_section_no qode_elementor_container_no e-con e-child\" data-id=\"d25d0e6\" data-element_type=\"container\">\n\t\t\t\t<div class=\"elementor-element elementor-element-ec822c6 elementor-widget__width-initial elementor-widget elementor-widget-heading\" data-id=\"ec822c6\" data-element_type=\"widget\" data-widget_type=\"heading.default\">\n\t\t\t\t<div class=\"elementor-widget-container\">\n\t\t\t\t\t<h2 class=\"elementor-heading-title elementor-size-default\">M\u00e9diateurs<\/h2>\t\t\t\t<\/div>\n\t\t\t\t<\/div>\n\t\t\t\t<div class=\"elementor-element elementor-element-0be19de elementor-widget__width-initial elementor-widget-mobile__width-initial elementor-widget elementor-widget-text-editor\" data-id=\"0be19de\" data-element_type=\"widget\" data-widget_type=\"text-editor.default\">\n\t\t\t\t<div class=\"elementor-widget-container\">\n\t\t\t\t\t\t\t\t\t<p>En Catalogne, les devoirs \u00e9thiques des m\u00e9diateurs de conflit sont principalement r\u00e9gis par la Llei 15\/2009, du 22 juillet, de mediaci\u00f3 en l&rsquo;\u00e0mbit del dret privat, ainsi que par le Codi de Deontologia de la Mediaci\u00f3 de Catalunya, approuv\u00e9 par la Generalitat de Catalunya. Ces principes garantissent l&rsquo;\u00e9thique et la qualit\u00e9 de la pratique professionnelle de la m\u00e9diation. <\/p>\t\t\t\t\t\t\t\t<\/div>\n\t\t\t\t<\/div>\n\t\t\t\t<div class=\"elementor-element elementor-element-e964c97 elementor-widget__width-initial elementor-widget-mobile__width-initial elementor-widget elementor-widget-text-editor\" data-id=\"e964c97\" data-element_type=\"widget\" data-widget_type=\"text-editor.default\">\n\t\t\t\t<div class=\"elementor-widget-container\">\n\t\t\t\t\t\t\t\t\tPrincipaux devoirs d\u00e9ontologiques des m\u00e9diateurs en Catalogne :\t\t\t\t\t\t\t\t<\/div>\n\t\t\t\t<\/div>\n\t\t\t\t<div class=\"elementor-element elementor-element-3884389 elementor-widget__width-initial elementor-widget-mobile__width-initial elementor-widget elementor-widget-text-editor\" data-id=\"3884389\" data-element_type=\"widget\" data-widget_type=\"text-editor.default\">\n\t\t\t\t<div class=\"elementor-widget-container\">\n\t\t\t\t\t\t\t\t\t<p><strong>1. le volontariat et l&rsquo;autonomie des partis<\/strong><\/p>\t\t\t\t\t\t\t\t<\/div>\n\t\t\t\t<\/div>\n\t\t\t\t<div class=\"elementor-element elementor-element-dddf0b7 elementor-widget__width-initial elementor-widget-mobile__width-initial elementor-widget elementor-widget-text-editor\" data-id=\"dddf0b7\" data-element_type=\"widget\" data-widget_type=\"text-editor.default\">\n\t\t\t\t<div class=\"elementor-widget-container\">\n\t\t\t\t\t\t\t\t\t<ul><li>Le m\u00e9diateur doit \u00e0 tout moment respecter la volont\u00e9 des parties, en veillant \u00e0 ce qu&rsquo;elles participent librement au processus.<\/li><li>Elle ne peut pas imposer de solutions ni influencer la prise de d\u00e9cision.<\/li><\/ul>\t\t\t\t\t\t\t\t<\/div>\n\t\t\t\t<\/div>\n\t\t\t\t<div class=\"elementor-element elementor-element-284f76e elementor-widget__width-initial elementor-widget-mobile__width-initial elementor-widget elementor-widget-text-editor\" data-id=\"284f76e\" data-element_type=\"widget\" data-widget_type=\"text-editor.default\">\n\t\t\t\t<div class=\"elementor-widget-container\">\n\t\t\t\t\t\t\t\t\t<p><strong>2. l&rsquo;impartialit\u00e9 et la neutralit\u00e9<\/strong><\/p>\t\t\t\t\t\t\t\t<\/div>\n\t\t\t\t<\/div>\n\t\t\t\t<div class=\"elementor-element elementor-element-704a27f elementor-widget__width-initial elementor-widget-mobile__width-initial elementor-widget elementor-widget-text-editor\" data-id=\"704a27f\" data-element_type=\"widget\" data-widget_type=\"text-editor.default\">\n\t\t\t\t<div class=\"elementor-widget-container\">\n\t\t\t\t\t\t\t\t\t<ul><li>Elle doit assurer un traitement \u00e9gal de toutes les parties sans en favoriser aucune.<\/li><li>Il ne peut pas agir comme m\u00e9diateur dans des affaires o\u00f9 il a un conflit d&rsquo;int\u00e9r\u00eats ou une relation avec l&rsquo;une des parties.<\/li><\/ul>\t\t\t\t\t\t\t\t<\/div>\n\t\t\t\t<\/div>\n\t\t\t\t<div class=\"elementor-element elementor-element-c8e1e70 elementor-widget__width-initial elementor-widget-mobile__width-initial elementor-widget elementor-widget-text-editor\" data-id=\"c8e1e70\" data-element_type=\"widget\" data-widget_type=\"text-editor.default\">\n\t\t\t\t<div class=\"elementor-widget-container\">\n\t\t\t\t\t\t\t\t\t<p><strong>3. La confidentialit\u00e9<\/strong><\/p>\t\t\t\t\t\t\t\t<\/div>\n\t\t\t\t<\/div>\n\t\t\t\t<div class=\"elementor-element elementor-element-9c6053b elementor-widget__width-initial elementor-widget-mobile__width-initial elementor-widget elementor-widget-text-editor\" data-id=\"9c6053b\" data-element_type=\"widget\" data-widget_type=\"text-editor.default\">\n\t\t\t\t<div class=\"elementor-widget-container\">\n\t\t\t\t\t\t\t\t\t<ul><li>Toutes les informations \u00e9chang\u00e9es au cours du processus de m\u00e9diation sont strictement confidentielles.<\/li><li>Il ne peut \u00eatre divulgu\u00e9 sans le consentement expr\u00e8s des parties, sauf dans les cas pr\u00e9vus par la loi.<\/li><\/ul>\t\t\t\t\t\t\t\t<\/div>\n\t\t\t\t<\/div>\n\t\t\t\t<div class=\"elementor-element elementor-element-203d5c1 elementor-widget__width-initial elementor-widget-mobile__width-initial elementor-widget elementor-widget-text-editor\" data-id=\"203d5c1\" data-element_type=\"widget\" data-widget_type=\"text-editor.default\">\n\t\t\t\t<div class=\"elementor-widget-container\">\n\t\t\t\t\t\t\t\t\t<p><strong>4. Ind\u00e9pendance et absence de conflit d&rsquo;int\u00e9r\u00eats<\/strong><\/p>\t\t\t\t\t\t\t\t<\/div>\n\t\t\t\t<\/div>\n\t\t\t\t<div class=\"elementor-element elementor-element-88ad663 elementor-widget__width-initial elementor-widget-mobile__width-initial elementor-widget elementor-widget-text-editor\" data-id=\"88ad663\" data-element_type=\"widget\" data-widget_type=\"text-editor.default\">\n\t\t\t\t<div class=\"elementor-widget-container\">\n\t\t\t\t\t\t\t\t\t<ul><li>Le m\u00e9diateur doit s&rsquo;abstenir d&rsquo;intervenir dans des affaires o\u00f9 il peut y avoir un conflit d&rsquo;int\u00e9r\u00eats.<\/li><li>Si, \u00e0 un moment ou \u00e0 un autre, il estime que son ind\u00e9pendance est compromise, il doit se retirer de la m\u00e9diation.<\/li><\/ul>\t\t\t\t\t\t\t\t<\/div>\n\t\t\t\t<\/div>\n\t\t\t\t<div class=\"elementor-element elementor-element-ab1c3bb elementor-widget__width-initial elementor-widget-mobile__width-initial elementor-widget elementor-widget-text-editor\" data-id=\"ab1c3bb\" data-element_type=\"widget\" data-widget_type=\"text-editor.default\">\n\t\t\t\t<div class=\"elementor-widget-container\">\n\t\t\t\t\t\t\t\t\t<p><strong>5. Transparence et information des parties<br><\/strong><\/p>\t\t\t\t\t\t\t\t<\/div>\n\t\t\t\t<\/div>\n\t\t\t\t<div class=\"elementor-element elementor-element-ca46f84 elementor-widget__width-initial elementor-widget-mobile__width-initial elementor-widget elementor-widget-text-editor\" data-id=\"ca46f84\" data-element_type=\"widget\" data-widget_type=\"text-editor.default\">\n\t\t\t\t<div class=\"elementor-widget-container\">\n\t\t\t\t\t\t\t\t\t<ul><li>Il doit expliquer clairement aux parties en quoi consiste la m\u00e9diation, ses r\u00e8gles et ses implications juridiques.<\/li><li>Vous devez \u00e9galement divulguer vos honoraires et tous les frais suppl\u00e9mentaires \u00e9ventuels.<\/li><\/ul>\t\t\t\t\t\t\t\t<\/div>\n\t\t\t\t<\/div>\n\t\t\t\t<div class=\"elementor-element elementor-element-934bd89 elementor-widget__width-initial elementor-widget-mobile__width-initial elementor-widget elementor-widget-text-editor\" data-id=\"934bd89\" data-element_type=\"widget\" data-widget_type=\"text-editor.default\">\n\t\t\t\t<div class=\"elementor-widget-container\">\n\t\t\t\t\t\t\t\t\t<p><strong>6. Comp\u00e9tence et apprentissage tout au long de la vie<br><\/strong><\/p>\t\t\t\t\t\t\t\t<\/div>\n\t\t\t\t<\/div>\n\t\t\t\t<div class=\"elementor-element elementor-element-c3afc02 elementor-widget__width-initial elementor-widget-mobile__width-initial elementor-widget elementor-widget-text-editor\" data-id=\"c3afc02\" data-element_type=\"widget\" data-widget_type=\"text-editor.default\">\n\t\t\t\t<div class=\"elementor-widget-container\">\n\t\t\t\t\t\t\t\t\t<ul><li>Le m\u00e9diateur doit \u00eatre d\u00fbment qualifi\u00e9 et suivre une formation continue en mati\u00e8re de m\u00e9diation et de r\u00e9solution des conflits.<\/li><li>Il est conseill\u00e9 de s&rsquo;inscrire au Registre de Mediadors de Catalunya (Registre des m\u00e9diateurs de Catalogne) pour accr\u00e9diter votre formation.<\/li><\/ul>\t\t\t\t\t\t\t\t<\/div>\n\t\t\t\t<\/div>\n\t\t\t\t<div class=\"elementor-element elementor-element-1d3e7db elementor-widget__width-initial elementor-widget-mobile__width-initial elementor-widget elementor-widget-text-editor\" data-id=\"1d3e7db\" data-element_type=\"widget\" data-widget_type=\"text-editor.default\">\n\t\t\t\t<div class=\"elementor-widget-container\">\n\t\t\t\t\t\t\t\t\t<p><strong>7. Diligence et bonnes pratiques professionnelles<br><\/strong><\/p>\t\t\t\t\t\t\t\t<\/div>\n\t\t\t\t<\/div>\n\t\t\t\t<div class=\"elementor-element elementor-element-f537053 elementor-widget__width-initial elementor-widget-mobile__width-initial elementor-widget elementor-widget-text-editor\" data-id=\"f537053\" data-element_type=\"widget\" data-widget_type=\"text-editor.default\">\n\t\t\t\t<div class=\"elementor-widget-container\">\n\t\t\t\t\t\t\t\t\t<ul><li>Elle doit agir de mani\u00e8re responsable, rigoureuse et professionnelle tout au long du processus.<\/li><li>Il doit \u00e9viter tout comportement susceptible de jeter le discr\u00e9dit sur la profession ou de porter pr\u00e9judice aux parties.<\/li><\/ul>\t\t\t\t\t\t\t\t<\/div>\n\t\t\t\t<\/div>\n\t\t\t\t<div class=\"elementor-element elementor-element-c02abde elementor-widget__width-initial elementor-widget-mobile__width-initial elementor-widget elementor-widget-text-editor\" data-id=\"c02abde\" data-element_type=\"widget\" data-widget_type=\"text-editor.default\">\n\t\t\t\t<div class=\"elementor-widget-container\">\n\t\t\t\t\t\t\t\t\t<p><strong>8. Promouvoir le dialogue et la communication constructive<\/strong><\/p>\t\t\t\t\t\t\t\t<\/div>\n\t\t\t\t<\/div>\n\t\t\t\t<div class=\"elementor-element elementor-element-780afb2 elementor-widget__width-initial elementor-widget-mobile__width-initial elementor-widget elementor-widget-text-editor\" data-id=\"780afb2\" data-element_type=\"widget\" data-widget_type=\"text-editor.default\">\n\t\t\t\t<div class=\"elementor-widget-container\">\n\t\t\t\t\t\t\t\t\t<ul><li>Sa fonction principale est de faciliter la communication entre les parties, de promouvoir la compr\u00e9hension et la recherche de solutions.<\/li><li>Vous devez \u00e9viter toute forme de pression ou de coercition au cours du processus.<\/li><\/ul>\t\t\t\t\t\t\t\t<\/div>\n\t\t\t\t<\/div>\n\t\t\t\t<div class=\"elementor-element elementor-element-ba4b4e3 elementor-widget__width-initial elementor-widget-mobile__width-initial elementor-widget elementor-widget-text-editor\" data-id=\"ba4b4e3\" data-element_type=\"widget\" data-widget_type=\"text-editor.default\">\n\t\t\t\t<div class=\"elementor-widget-container\">\n\t\t\t\t\t\t\t\t\t<p><strong>9. Interdiction d&rsquo;avis juridique ou de d\u00e9cision finale<br><\/strong><\/p>\t\t\t\t\t\t\t\t<\/div>\n\t\t\t\t<\/div>\n\t\t\t\t<div class=\"elementor-element elementor-element-c2b16df elementor-widget__width-initial elementor-widget-mobile__width-initial elementor-widget elementor-widget-text-editor\" data-id=\"c2b16df\" data-element_type=\"widget\" data-widget_type=\"text-editor.default\">\n\t\t\t\t<div class=\"elementor-widget-container\">\n\t\t\t\t\t\t\t\t\t<ul><li>Il ne peut pas agir en tant qu&rsquo;avocat ou donner des conseils juridiques aux parties.<\/li><li>Son r\u00f4le est d&rsquo;aider les parties \u00e0 trouver leur propre solution, et non de porter des jugements ou d&rsquo;imposer des r\u00e8glements.<\/li><\/ul>\t\t\t\t\t\t\t\t<\/div>\n\t\t\t\t<\/div>\n\t\t\t\t<div class=\"elementor-element elementor-element-cdf861f elementor-widget__width-initial elementor-widget-mobile__width-initial elementor-widget elementor-widget-text-editor\" data-id=\"cdf861f\" data-element_type=\"widget\" data-widget_type=\"text-editor.default\">\n\t\t\t\t<div class=\"elementor-widget-container\">\n\t\t\t\t\t\t\t\t\t<p><strong>R\u00e9glementation de r\u00e9f\u00e9rence en Catalogne :<\/strong><\/p>\t\t\t\t\t\t\t\t<\/div>\n\t\t\t\t<\/div>\n\t\t\t\t<div class=\"elementor-element elementor-element-11ac495 elementor-widget__width-initial elementor-widget-mobile__width-initial elementor-widget elementor-widget-text-editor\" data-id=\"11ac495\" data-element_type=\"widget\" data-widget_type=\"text-editor.default\">\n\t\t\t\t<div class=\"elementor-widget-container\">\n\t\t\t\t\t\t\t\t\t<ul>\n<li>Loi 15\/2009, sur la m\u00e9diation dans le domaine du droit priv\u00e9.<\/li>\n<li>D\u00e9cret 135\/2012, du 23 octobre, qui approuve le r\u00e8glement de la loi 15\/2009.<\/li>\n<li>Code d&rsquo;\u00e9thique de la m\u00e9diation de Catalogne.<\/li>\n<\/ul>\t\t\t\t\t\t\t\t<\/div>\n\t\t\t\t<\/div>\n\t\t\t\t<div class=\"elementor-element elementor-element-614b36f elementor-widget__width-initial elementor-widget elementor-widget-heading\" data-id=\"614b36f\" data-element_type=\"widget\" data-widget_type=\"heading.default\">\n\t\t\t\t<div class=\"elementor-widget-container\">\n\t\t\t\t\t<h2 class=\"elementor-heading-title elementor-size-default\">Avocats<\/h2>\t\t\t\t<\/div>\n\t\t\t\t<\/div>\n\t\t\t\t<div class=\"elementor-element elementor-element-e971298 elementor-widget__width-initial elementor-widget-mobile__width-initial elementor-widget elementor-widget-text-editor\" data-id=\"e971298\" data-element_type=\"widget\" data-widget_type=\"text-editor.default\">\n\t\t\t\t<div class=\"elementor-widget-container\">\n\t\t\t\t\t\t\t\t\t<p>En Espagne, et plus particuli\u00e8rement en Catalogne, la profession juridique a la responsabilit\u00e9 \u00e9thique et professionnelle de conseiller ses clients au moment opportun sur les diff\u00e9rentes options de r\u00e9solution des conflits. Cela inclut la possibilit\u00e9 de n\u00e9gocier, de parvenir \u00e0 un accord \u00e0 l&rsquo;amiable ou de recourir \u00e0 des m\u00e9thodes alternatives pr\u00e9vues par la loi, en compl\u00e9ment ou en remplacement de la proc\u00e9dure judiciaire. <\/p>\t\t\t\t\t\t\t\t<\/div>\n\t\t\t\t<\/div>\n\t\t\t\t<div class=\"elementor-element elementor-element-99e175c elementor-widget__width-initial elementor-widget-mobile__width-initial elementor-widget elementor-widget-text-editor\" data-id=\"99e175c\" data-element_type=\"widget\" data-widget_type=\"text-editor.default\">\n\t\t\t\t<div class=\"elementor-widget-container\">\n\t\t\t\t\t\t\t\t\tLes r\u00e8gles r\u00e9gissant cette obligation sont expos\u00e9es ci-dessous :\n\t\t\t\t\t\t\t\t<\/div>\n\t\t\t\t<\/div>\n\t\t\t\t<div class=\"elementor-element elementor-element-68f5a37 elementor-widget__width-initial elementor-widget elementor-widget-text-editor\" data-id=\"68f5a37\" data-element_type=\"widget\" data-widget_type=\"text-editor.default\">\n\t\t\t\t<div class=\"elementor-widget-container\">\n\t\t\t\t\t\t\t\t\t<ul><li>Art. 20.1. b) du <strong>R\u00e8glement de l&rsquo;Ordre des Avocats de Catalogne du Consell dels Il-lustres Col-legis d&rsquo;Advocats de Catalunya (Conseil de l&rsquo;Ordre des Avocats de Catalogne)<\/strong> <\/li><li>Art. 12.8 du <strong>Code d&rsquo;\u00e9thique de la profession juridique espagnole<\/strong><\/li><li>Point 3.7.1 du <strong>Code europ\u00e9en d&rsquo;\u00e9thique des avocats<\/strong><\/li><\/ul>\t\t\t\t\t\t\t\t<\/div>\n\t\t\t\t<\/div>\n\t\t\t\t<div class=\"elementor-element elementor-element-22a8831 elementor-widget__width-initial elementor-widget elementor-widget-heading\" data-id=\"22a8831\" data-element_type=\"widget\" data-widget_type=\"heading.default\">\n\t\t\t\t<div class=\"elementor-widget-container\">\n\t\t\t\t\t<p class=\"elementor-heading-title elementor-size-default\"><b>Art. 20.1.<\/b>  b) R\u00e8glement de l'Ordre des avocats catalans du Consell dels Il-lustres Col-legis d'Advocats de Catalunya, tel que modifi\u00e9 par la r\u00e9solution JUS\/110\/2019, du 22 janvier :<\/p>\t\t\t\t<\/div>\n\t\t\t\t<\/div>\n\t\t\t\t<div class=\"elementor-element elementor-element-02dfb66 elementor-widget__width-initial txt-gris elementor-widget elementor-widget-text-editor\" data-id=\"02dfb66\" data-element_type=\"widget\" data-widget_type=\"text-editor.default\">\n\t\t\t\t<div class=\"elementor-widget-container\">\n\t\t\t\t\t\t\t\t\t<p>\u00ab\u00a0Droits et obligations du professionnel du conseil juridique et du client :<br>1. Le client a le droit d&rsquo;\u00eatre inform\u00e9 par le professionnel qui le conseille ou le d\u00e9fend, et ce dernier a l&rsquo;obligation d&rsquo;informer son client des circonstances suivantes :<\/p><p>(&#8230;)<\/p><p>\u00ab\u00a0b) les r\u00e9sultats possibles de leur action, sans promettre quoi que ce soit qui ne d\u00e9pende pas exclusivement de cette action. Le professionnel du droit doit s&rsquo;efforcer de dissuader le client de favoriser les conflits ou d&rsquo;engager des actions en justice non fond\u00e9es. Toutefois, l&rsquo;avocat doit informer le client de la commodit\u00e9 des accords extrajudiciaires et des modes alternatifs de r\u00e8glement des litiges pr\u00e9vus par la loi, autres que l&rsquo;action en justice\u00a0\u00bb.<\/p>\t\t\t\t\t\t\t\t<\/div>\n\t\t\t\t<\/div>\n\t\t\t\t<div class=\"elementor-element elementor-element-b059321 elementor-widget__width-initial elementor-widget elementor-widget-heading\" data-id=\"b059321\" data-element_type=\"widget\" data-widget_type=\"heading.default\">\n\t\t\t\t<div class=\"elementor-widget-container\">\n\t\t\t\t\t<p class=\"elementor-heading-title elementor-size-default\"><b>Art. 12. 8<\/b> du Code de d\u00e9ontologie des avocats espagnols, approuv\u00e9 par la session pl\u00e9ni\u00e8re du Conseil g\u00e9n\u00e9ral des avocats espagnols le 6 mars 2019 :\n<\/p>\t\t\t\t<\/div>\n\t\t\t\t<\/div>\n\t\t\t\t<div class=\"elementor-element elementor-element-1f09c86 elementor-widget__width-initial txt-gris elementor-widget elementor-widget-text-editor\" data-id=\"1f09c86\" data-element_type=\"widget\" data-widget_type=\"text-editor.default\">\n\t\t\t\t<div class=\"elementor-widget-container\">\n\t\t\t\t\t\t\t\t\t<p>\u00ab\u00a0Le client sera conseill\u00e9 et d\u00e9fendu avec le plus grand z\u00e8le et la plus grande diligence, en assumant personnellement la responsabilit\u00e9 du travail command\u00e9, sans pr\u00e9judice d&rsquo;une \u00e9ventuelle collaboration. Il s&rsquo;efforcera toujours de trouver la solution la plus appropri\u00e9e \u00e0 la mission qui lui a \u00e9t\u00e9 confi\u00e9e, et le client sera inform\u00e9 en temps utile de la possibilit\u00e9 et des cons\u00e9quences d&rsquo;un accord ou du recours \u00e0 des instruments alternatifs de r\u00e8glement des litiges\u00a0\u00bb.<\/p>\t\t\t\t\t\t\t\t<\/div>\n\t\t\t\t<\/div>\n\t\t\t\t<div class=\"elementor-element elementor-element-7f0e622 elementor-widget__width-initial elementor-widget elementor-widget-heading\" data-id=\"7f0e622\" data-element_type=\"widget\" data-widget_type=\"heading.default\">\n\t\t\t\t<div class=\"elementor-widget-container\">\n\t\t\t\t\t<p class=\"elementor-heading-title elementor-size-default\"><b>Point 3.7.1<\/b> de la Charte des principes essentiels de la profession d'avocat europ\u00e9en et du Code de conduite des avocats europ\u00e9ens. Adopt\u00e9 lors de la Session Pl\u00e9ni\u00e8re du CCBE du 28 octobre 1988 et amend\u00e9 lors des Sessions Pl\u00e9ni\u00e8res du 28 novembre 1998, du 6 d\u00e9cembre 2002 et du 19 mai 2006 : <\/p>\t\t\t\t<\/div>\n\t\t\t\t<\/div>\n\t\t\t\t<div class=\"elementor-element elementor-element-c19da38 elementor-widget__width-initial txt-gris elementor-widget elementor-widget-text-editor\" data-id=\"c19da38\" data-element_type=\"widget\" data-widget_type=\"text-editor.default\">\n\t\t\t\t<div class=\"elementor-widget-container\">\n\t\t\t\t\t\t\t\t\t<p>\u00ab\u00a03.7.1 L&rsquo;avocat doit toujours rechercher la solution la plus rentable et doit conseiller son client \u00e0 tout moment sur l&rsquo;opportunit\u00e9 d&rsquo;un r\u00e8glement ou de m\u00e9thodes alternatives de r\u00e9solution des litiges.<\/p>\t\t\t\t\t\t\t\t<\/div>\n\t\t\t\t<\/div>\n\t\t\t\t<\/div>\n\t\t\t\t\t<\/div>\n\t\t\t\t<\/div>\n\t\t\t\t<\/div>\n\t\t","protected":false},"excerpt":{"rendered":"<p>Les devoirs d\u00e9ontologiques des m\u00e9diateurs de conflits et des avocats (en tant qu&rsquo;agents de paix et promoteurs de la concorde) M\u00e9diateurs En Catalogne, les devoirs \u00e9thiques des m\u00e9diateurs de conflit sont principalement r\u00e9gis par la Llei 15\/2009, du 22 juillet, de mediaci\u00f3 en l&rsquo;\u00e0mbit del&#8230;<\/p>\n","protected":false},"author":1,"featured_media":0,"parent":0,"menu_order":0,"comment_status":"closed","ping_status":"closed","template":"elementor_header_footer","meta":{"footnotes":""},"class_list":["post-12696","page","type-page","status-publish","hentry"],"_links":{"self":[{"href":"https:\/\/mediadorconflictos.com\/fr\/wp-json\/wp\/v2\/pages\/12696","targetHints":{"allow":["GET"]}}],"collection":[{"href":"https:\/\/mediadorconflictos.com\/fr\/wp-json\/wp\/v2\/pages"}],"about":[{"href":"https:\/\/mediadorconflictos.com\/fr\/wp-json\/wp\/v2\/types\/page"}],"author":[{"embeddable":true,"href":"https:\/\/mediadorconflictos.com\/fr\/wp-json\/wp\/v2\/users\/1"}],"replies":[{"embeddable":true,"href":"https:\/\/mediadorconflictos.com\/fr\/wp-json\/wp\/v2\/comments?post=12696"}],"version-history":[{"count":11,"href":"https:\/\/mediadorconflictos.com\/fr\/wp-json\/wp\/v2\/pages\/12696\/revisions"}],"predecessor-version":[{"id":13628,"href":"https:\/\/mediadorconflictos.com\/fr\/wp-json\/wp\/v2\/pages\/12696\/revisions\/13628"}],"wp:attachment":[{"href":"https:\/\/mediadorconflictos.com\/fr\/wp-json\/wp\/v2\/media?parent=12696"}],"curies":[{"name":"wp","href":"https:\/\/api.w.org\/{rel}","templated":true}]}}