{"id":12403,"date":"2025-02-20T16:55:24","date_gmt":"2025-02-20T15:55:24","guid":{"rendered":"https:\/\/mediadorconflictos.com\/blog\/"},"modified":"2025-11-17T09:56:37","modified_gmt":"2025-11-17T08:56:37","slug":"blog","status":"publish","type":"page","link":"https:\/\/mediadorconflictos.com\/ca\/blog\/","title":{"rendered":"Blog"},"content":{"rendered":"\t\t<div data-elementor-type=\"wp-page\" data-elementor-id=\"12403\" class=\"elementor elementor-12403 elementor-10610\">\n\t\t\t\t<div class=\"elementor-element elementor-element-46fb5a8 e-con-full e-flex parallax_section_no qode_elementor_container_no e-con e-parent\" data-id=\"46fb5a8\" data-element_type=\"container\" data-settings=\"{&quot;background_background&quot;:&quot;classic&quot;}\">\n\t\t<div class=\"elementor-element elementor-element-abd649f e-flex e-con-boxed parallax_section_no qode_elementor_container_no e-con e-child\" data-id=\"abd649f\" data-element_type=\"container\">\n\t\t\t\t\t<div class=\"e-con-inner\">\n\t\t\t\t<div class=\"elementor-element elementor-element-4be476c elementor-widget elementor-widget-heading\" data-id=\"4be476c\" data-element_type=\"widget\" data-widget_type=\"heading.default\">\n\t\t\t\t<div class=\"elementor-widget-container\">\n\t\t\t\t\t<h1 class=\"elementor-heading-title elementor-size-default\">Blog<\/h1>\t\t\t\t<\/div>\n\t\t\t\t<\/div>\n\t\t\t\t<div class=\"elementor-element elementor-element-3ff0f94 elementor-widget elementor-widget-heading\" data-id=\"3ff0f94\" data-element_type=\"widget\" data-widget_type=\"heading.default\">\n\t\t\t\t<div class=\"elementor-widget-container\">\n\t\t\t\t\t<div class=\"elementor-heading-title elementor-size-default\">Casos d'\u00e8xit, not\u00edcies sobre la manera de treballar i conflictes resolts.<\/div>\t\t\t\t<\/div>\n\t\t\t\t<\/div>\n\t\t\t\t\t<\/div>\n\t\t\t\t<\/div>\n\t\t\t\t<\/div>\n\t\t<div class=\"elementor-element elementor-element-34f8de9 e-flex e-con-boxed parallax_section_no qode_elementor_container_no e-con e-parent\" data-id=\"34f8de9\" data-element_type=\"container\">\n\t\t\t\t\t<div class=\"e-con-inner\">\n\t\t<div class=\"elementor-element elementor-element-99ae843 e-con-full e-flex parallax_section_no qode_elementor_container_no e-con e-child\" data-id=\"99ae843\" data-element_type=\"container\">\n\t\t\t\t<div class=\"elementor-element elementor-element-3427bb3 elementor-widget elementor-widget-qi_addons_for_elementor_blog_list\" data-id=\"3427bb3\" data-element_type=\"widget\" data-widget_type=\"qi_addons_for_elementor_blog_list.default\">\n\t\t\t\t<div class=\"elementor-widget-container\">\n\t\t\t\t\t<div class=\"qodef-shortcode qodef-m qodef-addons-blog-list qodef-title--hover-underline qodef-image--hover-zoom qodef-qi-grid qodef-layout--qi-columns qodef-col-num--2 qodef-item-layout--side-image qodef-responsive--predefined\" >\n\t<div class=\"qodef-grid-inner\">\n\t\t<article class=\"qodef-e qodef-blog-item qodef-grid-item qodef-item--custom post-18276 post type-post status-publish format-standard has-post-thumbnail hentry category-actualitat tag-blog-ca\">\n\t<div class=\"qodef-e-inner\">\n\t\t<div class=\"qodef-e-media\">\n\t\t<div class=\"qodef-e-media-image\">\n\t\t<a itemprop=\"url\" href=\"https:\/\/mediadorconflictos.com\/ca\/nova-entrevista-a-raul-gomez-ojados-mediador-a-cartagena\/\">\n\t\t\t<img fetchpriority=\"high\" decoding=\"async\" src=\"https:\/\/mediadorconflictos.com\/wp-content\/uploads\/2026\/04\/RAUL-GOMEZ-OJADOS-2026-scaled-800x600.jpg\" alt=\"\" width=\"800\" height=\"600\" \/>\t\t<\/a>\n\t\t\t<\/div>\n<\/div>\n\t\t<div class=\"qodef-e-content\">\n\t\t\t\t\t\t\t<div class=\"qodef-e-info qodef-info--top\">\n\t\t\t\t\t<div itemprop=\"dateCreated\" class=\"qodef-e-info-item qodef-e-info-date entry-date \">\n\t<a itemprop=\"url\" href=\"https:\/\/mediadorconflictos.com\/ca\/2026\/04\/\">\n\t\t<svg class=\"qodef-e-info-item-icon\" xmlns=\"http:\/\/www.w3.org\/2000\/svg\" x=\"0px\" y=\"0px\" viewBox=\"0 0 14.6 14.6\" xml:space=\"preserve\"><path d=\"M10.9,1.3V0.2h-0.6v1.2H4.3V0.2H3.7v1.2H0.2v13.1h14.3V1.3H10.9z M10.9,1.9v1.2h-0.6V1.9H10.9z M4.3,1.9v1.2H3.7V1.9H4.3z M13.8,13.8H0.8V4.9h13.1V13.8z\"\/><\/svg>\t\t19\/04\/2026\t<\/a>\n<\/div>\n<div class=\"qodef-e-info-item qodef-e-info-category\">\n\t<svg class=\"qodef-e-info-item-icon\" xmlns=\"http:\/\/www.w3.org\/2000\/svg\" x=\"0px\" y=\"0px\" viewBox=\"0 0 16.1 14.9\" xml:space=\"preserve\"><path d=\"M14.6,0.3c0.3,0,0.6,0.1,0.9,0.3s0.4,0.5,0.4,0.9v10.6c0,0.3-0.1,0.6-0.4,0.9s-0.5,0.4-0.9,0.4H9.3c-0.6,0-0.9,0.2-0.9,0.7v0.5H8H7.8v-0.5c0-0.5-0.3-0.7-0.9-0.7H1.5c-0.3,0-0.6-0.1-0.9-0.4c-0.2-0.2-0.4-0.5-0.4-0.9V1.5c0-0.3,0.1-0.6,0.4-0.9c0.2-0.2,0.5-0.3,0.9-0.3h5.6c0.4,0,0.7,0.1,1,0.4c0.2-0.3,0.6-0.4,1-0.4H14.6z M7.8,13.2V1.7c0-0.2-0.1-0.4-0.3-0.5C7.3,1,7,0.9,6.8,0.9H1.5c-0.4,0-0.6,0.2-0.6,0.6v10.6c0,0.2,0.1,0.3,0.2,0.5s0.3,0.2,0.4,0.2h5.3C7.3,12.8,7.6,12.9,7.8,13.2zM15.2,12.1V1.5c0-0.4-0.2-0.6-0.6-0.6h-1.2v4.9l-1.8-1.2L9.8,5.7V0.9H9.3C9,0.9,8.8,1,8.6,1.2C8.4,1.3,8.3,1.5,8.3,1.7v11.5c0.1-0.3,0.4-0.4,0.9-0.4h5.3c0.2,0,0.3-0.1,0.4-0.2S15.2,12.3,15.2,12.1z M10.4,0.9v3.7l0.9-0.5l0.3-0.2l0.3,0.2l0.9,0.5V0.9H10.4z\"\/><\/svg>\t<a href=\"https:\/\/mediadorconflictos.com\/ca\/category\/actualitat\/\" rel=\"category tag\">Actualitat<\/a><\/div>\n\t\t\t\t<\/div>\n\t\t\t\t\t\t<div class=\"qodef-e-text\">\n\t\t\t\t<h2 itemprop=\"name\" class=\"qodef-e-title entry-title\">\n\t<a itemprop=\"url\" class=\"qodef-e-title-link\" href=\"https:\/\/mediadorconflictos.com\/ca\/nova-entrevista-a-raul-gomez-ojados-mediador-a-cartagena\/\">\n\t\tNova entrevista a Ra\u00fal G\u00f3mez Ojados, mediador a Cartagena\t<\/a>\n<\/h2>\n\t\t\t<\/div>\n\t\t\t\t\t<\/div>\n\t<\/div>\n<\/article>\n<article class=\"qodef-e qodef-blog-item qodef-grid-item qodef-item--custom post-18214 post type-post status-publish format-standard has-post-thumbnail hentry category-conceptes-sobre-mediacio-i-conciliacio tag-blog-ca\">\n\t<div class=\"qodef-e-inner\">\n\t\t<div class=\"qodef-e-media\">\n\t\t<div class=\"qodef-e-media-image\">\n\t\t<a itemprop=\"url\" href=\"https:\/\/mediadorconflictos.com\/ca\/el-conflicte-que-no-afrontes-tambe-decideix-per-tu\/\">\n\t\t\t<img decoding=\"async\" src=\"https:\/\/mediadorconflictos.com\/wp-content\/uploads\/2026\/03\/IMAGEN-MEDIACION-EL-CONFLICTO-QUE-NO-AFRONTAS-31.3.2026-HORIZONTAL-CATALAN-1-800x600.png\" alt=\"\" width=\"800\" height=\"600\" \/>\t\t<\/a>\n\t\t\t<\/div>\n<\/div>\n\t\t<div class=\"qodef-e-content\">\n\t\t\t\t\t\t\t<div class=\"qodef-e-info qodef-info--top\">\n\t\t\t\t\t<div itemprop=\"dateCreated\" class=\"qodef-e-info-item qodef-e-info-date entry-date \">\n\t<a itemprop=\"url\" href=\"https:\/\/mediadorconflictos.com\/ca\/2026\/03\/\">\n\t\t<svg class=\"qodef-e-info-item-icon\" xmlns=\"http:\/\/www.w3.org\/2000\/svg\" x=\"0px\" y=\"0px\" viewBox=\"0 0 14.6 14.6\" xml:space=\"preserve\"><path d=\"M10.9,1.3V0.2h-0.6v1.2H4.3V0.2H3.7v1.2H0.2v13.1h14.3V1.3H10.9z M10.9,1.9v1.2h-0.6V1.9H10.9z M4.3,1.9v1.2H3.7V1.9H4.3z M13.8,13.8H0.8V4.9h13.1V13.8z\"\/><\/svg>\t\t31\/03\/2026\t<\/a>\n<\/div>\n<div class=\"qodef-e-info-item qodef-e-info-category\">\n\t<svg class=\"qodef-e-info-item-icon\" xmlns=\"http:\/\/www.w3.org\/2000\/svg\" x=\"0px\" y=\"0px\" viewBox=\"0 0 16.1 14.9\" xml:space=\"preserve\"><path d=\"M14.6,0.3c0.3,0,0.6,0.1,0.9,0.3s0.4,0.5,0.4,0.9v10.6c0,0.3-0.1,0.6-0.4,0.9s-0.5,0.4-0.9,0.4H9.3c-0.6,0-0.9,0.2-0.9,0.7v0.5H8H7.8v-0.5c0-0.5-0.3-0.7-0.9-0.7H1.5c-0.3,0-0.6-0.1-0.9-0.4c-0.2-0.2-0.4-0.5-0.4-0.9V1.5c0-0.3,0.1-0.6,0.4-0.9c0.2-0.2,0.5-0.3,0.9-0.3h5.6c0.4,0,0.7,0.1,1,0.4c0.2-0.3,0.6-0.4,1-0.4H14.6z M7.8,13.2V1.7c0-0.2-0.1-0.4-0.3-0.5C7.3,1,7,0.9,6.8,0.9H1.5c-0.4,0-0.6,0.2-0.6,0.6v10.6c0,0.2,0.1,0.3,0.2,0.5s0.3,0.2,0.4,0.2h5.3C7.3,12.8,7.6,12.9,7.8,13.2zM15.2,12.1V1.5c0-0.4-0.2-0.6-0.6-0.6h-1.2v4.9l-1.8-1.2L9.8,5.7V0.9H9.3C9,0.9,8.8,1,8.6,1.2C8.4,1.3,8.3,1.5,8.3,1.7v11.5c0.1-0.3,0.4-0.4,0.9-0.4h5.3c0.2,0,0.3-0.1,0.4-0.2S15.2,12.3,15.2,12.1z M10.4,0.9v3.7l0.9-0.5l0.3-0.2l0.3,0.2l0.9,0.5V0.9H10.4z\"\/><\/svg>\t<a href=\"https:\/\/mediadorconflictos.com\/ca\/category\/conceptes-sobre-mediacio-i-conciliacio\/\" rel=\"category tag\">Conceptes<\/a><\/div>\n\t\t\t\t<\/div>\n\t\t\t\t\t\t<div class=\"qodef-e-text\">\n\t\t\t\t<h2 itemprop=\"name\" class=\"qodef-e-title entry-title\">\n\t<a itemprop=\"url\" class=\"qodef-e-title-link\" href=\"https:\/\/mediadorconflictos.com\/ca\/el-conflicte-que-no-afrontes-tambe-decideix-per-tu\/\">\n\t\tEl conflicte que no afrontes tamb\u00e9 decideix per tu\t<\/a>\n<\/h2>\n\t\t\t<\/div>\n\t\t\t\t\t<\/div>\n\t<\/div>\n<\/article>\n<article class=\"qodef-e qodef-blog-item qodef-grid-item qodef-item--custom post-18185 post type-post status-publish format-standard has-post-thumbnail hentry category-mediacio-i-conciliacio category-mediador-de-conflictes tag-blog-ca\">\n\t<div class=\"qodef-e-inner\">\n\t\t<div class=\"qodef-e-media\">\n\t\t<div class=\"qodef-e-media-image\">\n\t\t<a itemprop=\"url\" href=\"https:\/\/mediadorconflictos.com\/ca\/mediacio-veinal-a-barcelona-i-provincia\/\">\n\t\t\t<img decoding=\"async\" src=\"https:\/\/mediadorconflictos.com\/wp-content\/uploads\/2026\/03\/MEDIACION-COMUNITARIA-EN-BARCELONA-800x600.jpg\" alt=\"\" width=\"800\" height=\"600\" \/>\t\t<\/a>\n\t\t\t<\/div>\n<\/div>\n\t\t<div class=\"qodef-e-content\">\n\t\t\t\t\t\t\t<div class=\"qodef-e-info qodef-info--top\">\n\t\t\t\t\t<div itemprop=\"dateCreated\" class=\"qodef-e-info-item qodef-e-info-date entry-date \">\n\t<a itemprop=\"url\" href=\"https:\/\/mediadorconflictos.com\/ca\/2026\/03\/\">\n\t\t<svg class=\"qodef-e-info-item-icon\" xmlns=\"http:\/\/www.w3.org\/2000\/svg\" x=\"0px\" y=\"0px\" viewBox=\"0 0 14.6 14.6\" xml:space=\"preserve\"><path d=\"M10.9,1.3V0.2h-0.6v1.2H4.3V0.2H3.7v1.2H0.2v13.1h14.3V1.3H10.9z M10.9,1.9v1.2h-0.6V1.9H10.9z M4.3,1.9v1.2H3.7V1.9H4.3z M13.8,13.8H0.8V4.9h13.1V13.8z\"\/><\/svg>\t\t28\/03\/2026\t<\/a>\n<\/div>\n<div class=\"qodef-e-info-item qodef-e-info-category\">\n\t<svg class=\"qodef-e-info-item-icon\" xmlns=\"http:\/\/www.w3.org\/2000\/svg\" x=\"0px\" y=\"0px\" viewBox=\"0 0 16.1 14.9\" xml:space=\"preserve\"><path d=\"M14.6,0.3c0.3,0,0.6,0.1,0.9,0.3s0.4,0.5,0.4,0.9v10.6c0,0.3-0.1,0.6-0.4,0.9s-0.5,0.4-0.9,0.4H9.3c-0.6,0-0.9,0.2-0.9,0.7v0.5H8H7.8v-0.5c0-0.5-0.3-0.7-0.9-0.7H1.5c-0.3,0-0.6-0.1-0.9-0.4c-0.2-0.2-0.4-0.5-0.4-0.9V1.5c0-0.3,0.1-0.6,0.4-0.9c0.2-0.2,0.5-0.3,0.9-0.3h5.6c0.4,0,0.7,0.1,1,0.4c0.2-0.3,0.6-0.4,1-0.4H14.6z M7.8,13.2V1.7c0-0.2-0.1-0.4-0.3-0.5C7.3,1,7,0.9,6.8,0.9H1.5c-0.4,0-0.6,0.2-0.6,0.6v10.6c0,0.2,0.1,0.3,0.2,0.5s0.3,0.2,0.4,0.2h5.3C7.3,12.8,7.6,12.9,7.8,13.2zM15.2,12.1V1.5c0-0.4-0.2-0.6-0.6-0.6h-1.2v4.9l-1.8-1.2L9.8,5.7V0.9H9.3C9,0.9,8.8,1,8.6,1.2C8.4,1.3,8.3,1.5,8.3,1.7v11.5c0.1-0.3,0.4-0.4,0.9-0.4h5.3c0.2,0,0.3-0.1,0.4-0.2S15.2,12.3,15.2,12.1z M10.4,0.9v3.7l0.9-0.5l0.3-0.2l0.3,0.2l0.9,0.5V0.9H10.4z\"\/><\/svg>\t<a href=\"https:\/\/mediadorconflictos.com\/ca\/category\/mediacio-i-conciliacio\/\" rel=\"category tag\">Mediaci\u00f3 i Conciliaci\u00f3<\/a><span class=\"qodef-category-separator\"><\/span><a href=\"https:\/\/mediadorconflictos.com\/ca\/category\/mediador-de-conflictes\/\" rel=\"category tag\">Mediador de Conflictes<\/a><\/div>\n\t\t\t\t<\/div>\n\t\t\t\t\t\t<div class=\"qodef-e-text\">\n\t\t\t\t<h2 itemprop=\"name\" class=\"qodef-e-title entry-title\">\n\t<a itemprop=\"url\" class=\"qodef-e-title-link\" href=\"https:\/\/mediadorconflictos.com\/ca\/mediacio-veinal-a-barcelona-i-provincia\/\">\n\t\tMediaci\u00f3 ve\u00efnal a Barcelona i prov\u00edncia\t<\/a>\n<\/h2>\n\t\t\t<\/div>\n\t\t\t\t\t<\/div>\n\t<\/div>\n<\/article>\n<article class=\"qodef-e qodef-blog-item qodef-grid-item qodef-item--custom post-18139 post type-post status-publish format-standard has-post-thumbnail hentry category-actualitat tag-blog-ca\">\n\t<div class=\"qodef-e-inner\">\n\t\t<div class=\"qodef-e-media\">\n\t\t<div class=\"qodef-e-media-image\">\n\t\t<a itemprop=\"url\" href=\"https:\/\/mediadorconflictos.com\/ca\/dues-preocupacions-entorn-dels-masc\/\">\n\t\t\t<img loading=\"lazy\" decoding=\"async\" src=\"https:\/\/mediadorconflictos.com\/wp-content\/uploads\/2026\/03\/Ciutat-de-la-justicia-foto-amb-autobus-6M-scaled-800x600.jpg\" alt=\"\" width=\"800\" height=\"600\" \/>\t\t<\/a>\n\t\t\t<\/div>\n<\/div>\n\t\t<div class=\"qodef-e-content\">\n\t\t\t\t\t\t\t<div class=\"qodef-e-info qodef-info--top\">\n\t\t\t\t\t<div itemprop=\"dateCreated\" class=\"qodef-e-info-item qodef-e-info-date entry-date \">\n\t<a itemprop=\"url\" href=\"https:\/\/mediadorconflictos.com\/ca\/2026\/03\/\">\n\t\t<svg class=\"qodef-e-info-item-icon\" xmlns=\"http:\/\/www.w3.org\/2000\/svg\" x=\"0px\" y=\"0px\" viewBox=\"0 0 14.6 14.6\" xml:space=\"preserve\"><path d=\"M10.9,1.3V0.2h-0.6v1.2H4.3V0.2H3.7v1.2H0.2v13.1h14.3V1.3H10.9z M10.9,1.9v1.2h-0.6V1.9H10.9z M4.3,1.9v1.2H3.7V1.9H4.3z M13.8,13.8H0.8V4.9h13.1V13.8z\"\/><\/svg>\t\t03\/03\/2026\t<\/a>\n<\/div>\n<div class=\"qodef-e-info-item qodef-e-info-category\">\n\t<svg class=\"qodef-e-info-item-icon\" xmlns=\"http:\/\/www.w3.org\/2000\/svg\" x=\"0px\" y=\"0px\" viewBox=\"0 0 16.1 14.9\" xml:space=\"preserve\"><path d=\"M14.6,0.3c0.3,0,0.6,0.1,0.9,0.3s0.4,0.5,0.4,0.9v10.6c0,0.3-0.1,0.6-0.4,0.9s-0.5,0.4-0.9,0.4H9.3c-0.6,0-0.9,0.2-0.9,0.7v0.5H8H7.8v-0.5c0-0.5-0.3-0.7-0.9-0.7H1.5c-0.3,0-0.6-0.1-0.9-0.4c-0.2-0.2-0.4-0.5-0.4-0.9V1.5c0-0.3,0.1-0.6,0.4-0.9c0.2-0.2,0.5-0.3,0.9-0.3h5.6c0.4,0,0.7,0.1,1,0.4c0.2-0.3,0.6-0.4,1-0.4H14.6z M7.8,13.2V1.7c0-0.2-0.1-0.4-0.3-0.5C7.3,1,7,0.9,6.8,0.9H1.5c-0.4,0-0.6,0.2-0.6,0.6v10.6c0,0.2,0.1,0.3,0.2,0.5s0.3,0.2,0.4,0.2h5.3C7.3,12.8,7.6,12.9,7.8,13.2zM15.2,12.1V1.5c0-0.4-0.2-0.6-0.6-0.6h-1.2v4.9l-1.8-1.2L9.8,5.7V0.9H9.3C9,0.9,8.8,1,8.6,1.2C8.4,1.3,8.3,1.5,8.3,1.7v11.5c0.1-0.3,0.4-0.4,0.9-0.4h5.3c0.2,0,0.3-0.1,0.4-0.2S15.2,12.3,15.2,12.1z M10.4,0.9v3.7l0.9-0.5l0.3-0.2l0.3,0.2l0.9,0.5V0.9H10.4z\"\/><\/svg>\t<a href=\"https:\/\/mediadorconflictos.com\/ca\/category\/actualitat\/\" rel=\"category tag\">Actualitat<\/a><\/div>\n\t\t\t\t<\/div>\n\t\t\t\t\t\t<div class=\"qodef-e-text\">\n\t\t\t\t<h2 itemprop=\"name\" class=\"qodef-e-title entry-title\">\n\t<a itemprop=\"url\" class=\"qodef-e-title-link\" href=\"https:\/\/mediadorconflictos.com\/ca\/dues-preocupacions-entorn-dels-masc\/\">\n\t\tDues preocupacions entorn dels MASC\t<\/a>\n<\/h2>\n\t\t\t<\/div>\n\t\t\t\t\t<\/div>\n\t<\/div>\n<\/article>\n<article class=\"qodef-e qodef-blog-item qodef-grid-item qodef-item--custom post-18104 post type-post status-publish format-standard has-post-thumbnail hentry category-actualitat tag-blog-ca\">\n\t<div class=\"qodef-e-inner\">\n\t\t<div class=\"qodef-e-media\">\n\t\t<div class=\"qodef-e-media-image\">\n\t\t<a itemprop=\"url\" href=\"https:\/\/mediadorconflictos.com\/ca\/financament-i-gratuitat-real-de-lescola-concertada\/\">\n\t\t\t<img loading=\"lazy\" decoding=\"async\" src=\"https:\/\/mediadorconflictos.com\/wp-content\/uploads\/2026\/02\/LA-SALLE-FEBRER-2026-FOTO3-800x600.jpg\" alt=\"\" width=\"800\" height=\"600\" \/>\t\t<\/a>\n\t\t\t<\/div>\n<\/div>\n\t\t<div class=\"qodef-e-content\">\n\t\t\t\t\t\t\t<div class=\"qodef-e-info qodef-info--top\">\n\t\t\t\t\t<div itemprop=\"dateCreated\" class=\"qodef-e-info-item qodef-e-info-date entry-date \">\n\t<a itemprop=\"url\" href=\"https:\/\/mediadorconflictos.com\/ca\/2026\/02\/\">\n\t\t<svg class=\"qodef-e-info-item-icon\" xmlns=\"http:\/\/www.w3.org\/2000\/svg\" x=\"0px\" y=\"0px\" viewBox=\"0 0 14.6 14.6\" xml:space=\"preserve\"><path d=\"M10.9,1.3V0.2h-0.6v1.2H4.3V0.2H3.7v1.2H0.2v13.1h14.3V1.3H10.9z M10.9,1.9v1.2h-0.6V1.9H10.9z M4.3,1.9v1.2H3.7V1.9H4.3z M13.8,13.8H0.8V4.9h13.1V13.8z\"\/><\/svg>\t\t28\/02\/2026\t<\/a>\n<\/div>\n<div class=\"qodef-e-info-item qodef-e-info-category\">\n\t<svg class=\"qodef-e-info-item-icon\" xmlns=\"http:\/\/www.w3.org\/2000\/svg\" x=\"0px\" y=\"0px\" viewBox=\"0 0 16.1 14.9\" xml:space=\"preserve\"><path d=\"M14.6,0.3c0.3,0,0.6,0.1,0.9,0.3s0.4,0.5,0.4,0.9v10.6c0,0.3-0.1,0.6-0.4,0.9s-0.5,0.4-0.9,0.4H9.3c-0.6,0-0.9,0.2-0.9,0.7v0.5H8H7.8v-0.5c0-0.5-0.3-0.7-0.9-0.7H1.5c-0.3,0-0.6-0.1-0.9-0.4c-0.2-0.2-0.4-0.5-0.4-0.9V1.5c0-0.3,0.1-0.6,0.4-0.9c0.2-0.2,0.5-0.3,0.9-0.3h5.6c0.4,0,0.7,0.1,1,0.4c0.2-0.3,0.6-0.4,1-0.4H14.6z M7.8,13.2V1.7c0-0.2-0.1-0.4-0.3-0.5C7.3,1,7,0.9,6.8,0.9H1.5c-0.4,0-0.6,0.2-0.6,0.6v10.6c0,0.2,0.1,0.3,0.2,0.5s0.3,0.2,0.4,0.2h5.3C7.3,12.8,7.6,12.9,7.8,13.2zM15.2,12.1V1.5c0-0.4-0.2-0.6-0.6-0.6h-1.2v4.9l-1.8-1.2L9.8,5.7V0.9H9.3C9,0.9,8.8,1,8.6,1.2C8.4,1.3,8.3,1.5,8.3,1.7v11.5c0.1-0.3,0.4-0.4,0.9-0.4h5.3c0.2,0,0.3-0.1,0.4-0.2S15.2,12.3,15.2,12.1z M10.4,0.9v3.7l0.9-0.5l0.3-0.2l0.3,0.2l0.9,0.5V0.9H10.4z\"\/><\/svg>\t<a href=\"https:\/\/mediadorconflictos.com\/ca\/category\/actualitat\/\" rel=\"category tag\">Actualitat<\/a><\/div>\n\t\t\t\t<\/div>\n\t\t\t\t\t\t<div class=\"qodef-e-text\">\n\t\t\t\t<h2 itemprop=\"name\" class=\"qodef-e-title entry-title\">\n\t<a itemprop=\"url\" class=\"qodef-e-title-link\" href=\"https:\/\/mediadorconflictos.com\/ca\/financament-i-gratuitat-real-de-lescola-concertada\/\">\n\t\tFinan\u00e7ament i gratu\u00eftat real de l\u2019escola concertada\t<\/a>\n<\/h2>\n\t\t\t<\/div>\n\t\t\t\t\t<\/div>\n\t<\/div>\n<\/article>\n<article class=\"qodef-e qodef-blog-item qodef-grid-item qodef-item--custom post-18076 post type-post status-publish format-standard has-post-thumbnail hentry category-actualitat tag-blog-ca\">\n\t<div class=\"qodef-e-inner\">\n\t\t<div class=\"qodef-e-media\">\n\t\t<div class=\"qodef-e-media-image\">\n\t\t<a itemprop=\"url\" href=\"https:\/\/mediadorconflictos.com\/ca\/dret-sistemic-proposit-de-vida-i-eleccio-professional\/\">\n\t\t\t<img loading=\"lazy\" decoding=\"async\" src=\"https:\/\/mediadorconflictos.com\/wp-content\/uploads\/2026\/02\/LA-SALLE-GRACIA-PONENCIA-ENRIC-SORIANO-13.2.2026-FOTO-7-800x600.jpg\" alt=\"\" width=\"800\" height=\"600\" \/>\t\t<\/a>\n\t\t\t<\/div>\n<\/div>\n\t\t<div class=\"qodef-e-content\">\n\t\t\t\t\t\t\t<div class=\"qodef-e-info qodef-info--top\">\n\t\t\t\t\t<div itemprop=\"dateCreated\" class=\"qodef-e-info-item qodef-e-info-date entry-date \">\n\t<a itemprop=\"url\" href=\"https:\/\/mediadorconflictos.com\/ca\/2026\/02\/\">\n\t\t<svg class=\"qodef-e-info-item-icon\" xmlns=\"http:\/\/www.w3.org\/2000\/svg\" x=\"0px\" y=\"0px\" viewBox=\"0 0 14.6 14.6\" xml:space=\"preserve\"><path d=\"M10.9,1.3V0.2h-0.6v1.2H4.3V0.2H3.7v1.2H0.2v13.1h14.3V1.3H10.9z M10.9,1.9v1.2h-0.6V1.9H10.9z M4.3,1.9v1.2H3.7V1.9H4.3z M13.8,13.8H0.8V4.9h13.1V13.8z\"\/><\/svg>\t\t14\/02\/2026\t<\/a>\n<\/div>\n<div class=\"qodef-e-info-item qodef-e-info-category\">\n\t<svg class=\"qodef-e-info-item-icon\" xmlns=\"http:\/\/www.w3.org\/2000\/svg\" x=\"0px\" y=\"0px\" viewBox=\"0 0 16.1 14.9\" xml:space=\"preserve\"><path d=\"M14.6,0.3c0.3,0,0.6,0.1,0.9,0.3s0.4,0.5,0.4,0.9v10.6c0,0.3-0.1,0.6-0.4,0.9s-0.5,0.4-0.9,0.4H9.3c-0.6,0-0.9,0.2-0.9,0.7v0.5H8H7.8v-0.5c0-0.5-0.3-0.7-0.9-0.7H1.5c-0.3,0-0.6-0.1-0.9-0.4c-0.2-0.2-0.4-0.5-0.4-0.9V1.5c0-0.3,0.1-0.6,0.4-0.9c0.2-0.2,0.5-0.3,0.9-0.3h5.6c0.4,0,0.7,0.1,1,0.4c0.2-0.3,0.6-0.4,1-0.4H14.6z M7.8,13.2V1.7c0-0.2-0.1-0.4-0.3-0.5C7.3,1,7,0.9,6.8,0.9H1.5c-0.4,0-0.6,0.2-0.6,0.6v10.6c0,0.2,0.1,0.3,0.2,0.5s0.3,0.2,0.4,0.2h5.3C7.3,12.8,7.6,12.9,7.8,13.2zM15.2,12.1V1.5c0-0.4-0.2-0.6-0.6-0.6h-1.2v4.9l-1.8-1.2L9.8,5.7V0.9H9.3C9,0.9,8.8,1,8.6,1.2C8.4,1.3,8.3,1.5,8.3,1.7v11.5c0.1-0.3,0.4-0.4,0.9-0.4h5.3c0.2,0,0.3-0.1,0.4-0.2S15.2,12.3,15.2,12.1z M10.4,0.9v3.7l0.9-0.5l0.3-0.2l0.3,0.2l0.9,0.5V0.9H10.4z\"\/><\/svg>\t<a href=\"https:\/\/mediadorconflictos.com\/ca\/category\/actualitat\/\" rel=\"category tag\">Actualitat<\/a><\/div>\n\t\t\t\t<\/div>\n\t\t\t\t\t\t<div class=\"qodef-e-text\">\n\t\t\t\t<h2 itemprop=\"name\" class=\"qodef-e-title entry-title\">\n\t<a itemprop=\"url\" class=\"qodef-e-title-link\" href=\"https:\/\/mediadorconflictos.com\/ca\/dret-sistemic-proposit-de-vida-i-eleccio-professional\/\">\n\t\tDret sist\u00e8mic, prop\u00f2sit de vida i elecci\u00f3 professional\t<\/a>\n<\/h2>\n\t\t\t<\/div>\n\t\t\t\t\t<\/div>\n\t<\/div>\n<\/article>\n<article class=\"qodef-e qodef-blog-item qodef-grid-item qodef-item--custom post-18015 post type-post status-publish format-standard has-post-thumbnail hentry category-actualitat tag-blog-ca\">\n\t<div class=\"qodef-e-inner\">\n\t\t<div class=\"qodef-e-media\">\n\t\t<div class=\"qodef-e-media-image\">\n\t\t<a itemprop=\"url\" href=\"https:\/\/mediadorconflictos.com\/ca\/gener-de-2026-europa-i-la-mediacio-com-a-eix-de-transformacio-de-la-justicia\/\">\n\t\t\t<img loading=\"lazy\" decoding=\"async\" src=\"https:\/\/mediadorconflictos.com\/wp-content\/uploads\/2026\/02\/JEM-2026-FOTO-1-800x600.jpg\" alt=\"\" width=\"800\" height=\"600\" \/>\t\t<\/a>\n\t\t\t<\/div>\n<\/div>\n\t\t<div class=\"qodef-e-content\">\n\t\t\t\t\t\t\t<div class=\"qodef-e-info qodef-info--top\">\n\t\t\t\t\t<div itemprop=\"dateCreated\" class=\"qodef-e-info-item qodef-e-info-date entry-date \">\n\t<a itemprop=\"url\" href=\"https:\/\/mediadorconflictos.com\/ca\/2026\/02\/\">\n\t\t<svg class=\"qodef-e-info-item-icon\" xmlns=\"http:\/\/www.w3.org\/2000\/svg\" x=\"0px\" y=\"0px\" viewBox=\"0 0 14.6 14.6\" xml:space=\"preserve\"><path d=\"M10.9,1.3V0.2h-0.6v1.2H4.3V0.2H3.7v1.2H0.2v13.1h14.3V1.3H10.9z M10.9,1.9v1.2h-0.6V1.9H10.9z M4.3,1.9v1.2H3.7V1.9H4.3z M13.8,13.8H0.8V4.9h13.1V13.8z\"\/><\/svg>\t\t01\/02\/2026\t<\/a>\n<\/div>\n<div class=\"qodef-e-info-item qodef-e-info-category\">\n\t<svg class=\"qodef-e-info-item-icon\" xmlns=\"http:\/\/www.w3.org\/2000\/svg\" x=\"0px\" y=\"0px\" viewBox=\"0 0 16.1 14.9\" xml:space=\"preserve\"><path d=\"M14.6,0.3c0.3,0,0.6,0.1,0.9,0.3s0.4,0.5,0.4,0.9v10.6c0,0.3-0.1,0.6-0.4,0.9s-0.5,0.4-0.9,0.4H9.3c-0.6,0-0.9,0.2-0.9,0.7v0.5H8H7.8v-0.5c0-0.5-0.3-0.7-0.9-0.7H1.5c-0.3,0-0.6-0.1-0.9-0.4c-0.2-0.2-0.4-0.5-0.4-0.9V1.5c0-0.3,0.1-0.6,0.4-0.9c0.2-0.2,0.5-0.3,0.9-0.3h5.6c0.4,0,0.7,0.1,1,0.4c0.2-0.3,0.6-0.4,1-0.4H14.6z M7.8,13.2V1.7c0-0.2-0.1-0.4-0.3-0.5C7.3,1,7,0.9,6.8,0.9H1.5c-0.4,0-0.6,0.2-0.6,0.6v10.6c0,0.2,0.1,0.3,0.2,0.5s0.3,0.2,0.4,0.2h5.3C7.3,12.8,7.6,12.9,7.8,13.2zM15.2,12.1V1.5c0-0.4-0.2-0.6-0.6-0.6h-1.2v4.9l-1.8-1.2L9.8,5.7V0.9H9.3C9,0.9,8.8,1,8.6,1.2C8.4,1.3,8.3,1.5,8.3,1.7v11.5c0.1-0.3,0.4-0.4,0.9-0.4h5.3c0.2,0,0.3-0.1,0.4-0.2S15.2,12.3,15.2,12.1z M10.4,0.9v3.7l0.9-0.5l0.3-0.2l0.3,0.2l0.9,0.5V0.9H10.4z\"\/><\/svg>\t<a href=\"https:\/\/mediadorconflictos.com\/ca\/category\/actualitat\/\" rel=\"category tag\">Actualitat<\/a><\/div>\n\t\t\t\t<\/div>\n\t\t\t\t\t\t<div class=\"qodef-e-text\">\n\t\t\t\t<h2 itemprop=\"name\" class=\"qodef-e-title entry-title\">\n\t<a itemprop=\"url\" class=\"qodef-e-title-link\" href=\"https:\/\/mediadorconflictos.com\/ca\/gener-de-2026-europa-i-la-mediacio-com-a-eix-de-transformacio-de-la-justicia\/\">\n\t\tGener de 2026: Europa i la mediaci\u00f3 com a eix de transformaci\u00f3 de la just\u00edcia\t<\/a>\n<\/h2>\n\t\t\t<\/div>\n\t\t\t\t\t<\/div>\n\t<\/div>\n<\/article>\n<article class=\"qodef-e qodef-blog-item qodef-grid-item qodef-item--custom post-17936 post type-post status-publish format-standard has-post-thumbnail hentry category-mediacio-i-conciliacio tag-blog-ca\">\n\t<div class=\"qodef-e-inner\">\n\t\t<div class=\"qodef-e-media\">\n\t\t<div class=\"qodef-e-media-image\">\n\t\t<a itemprop=\"url\" href=\"https:\/\/mediadorconflictos.com\/ca\/quan-la-salut-entra-en-conflicte-mediacio-per-construir-acords\/\">\n\t\t\t<img loading=\"lazy\" decoding=\"async\" src=\"https:\/\/mediadorconflictos.com\/wp-content\/uploads\/2026\/01\/TSCAT-FOTO-4-800x600.jpg\" alt=\"\" width=\"800\" height=\"600\" \/>\t\t<\/a>\n\t\t\t<\/div>\n<\/div>\n\t\t<div class=\"qodef-e-content\">\n\t\t\t\t\t\t\t<div class=\"qodef-e-info qodef-info--top\">\n\t\t\t\t\t<div itemprop=\"dateCreated\" class=\"qodef-e-info-item qodef-e-info-date entry-date \">\n\t<a itemprop=\"url\" href=\"https:\/\/mediadorconflictos.com\/ca\/2026\/01\/\">\n\t\t<svg class=\"qodef-e-info-item-icon\" xmlns=\"http:\/\/www.w3.org\/2000\/svg\" x=\"0px\" y=\"0px\" viewBox=\"0 0 14.6 14.6\" xml:space=\"preserve\"><path d=\"M10.9,1.3V0.2h-0.6v1.2H4.3V0.2H3.7v1.2H0.2v13.1h14.3V1.3H10.9z M10.9,1.9v1.2h-0.6V1.9H10.9z M4.3,1.9v1.2H3.7V1.9H4.3z M13.8,13.8H0.8V4.9h13.1V13.8z\"\/><\/svg>\t\t23\/01\/2026\t<\/a>\n<\/div>\n<div class=\"qodef-e-info-item qodef-e-info-category\">\n\t<svg class=\"qodef-e-info-item-icon\" xmlns=\"http:\/\/www.w3.org\/2000\/svg\" x=\"0px\" y=\"0px\" viewBox=\"0 0 16.1 14.9\" xml:space=\"preserve\"><path d=\"M14.6,0.3c0.3,0,0.6,0.1,0.9,0.3s0.4,0.5,0.4,0.9v10.6c0,0.3-0.1,0.6-0.4,0.9s-0.5,0.4-0.9,0.4H9.3c-0.6,0-0.9,0.2-0.9,0.7v0.5H8H7.8v-0.5c0-0.5-0.3-0.7-0.9-0.7H1.5c-0.3,0-0.6-0.1-0.9-0.4c-0.2-0.2-0.4-0.5-0.4-0.9V1.5c0-0.3,0.1-0.6,0.4-0.9c0.2-0.2,0.5-0.3,0.9-0.3h5.6c0.4,0,0.7,0.1,1,0.4c0.2-0.3,0.6-0.4,1-0.4H14.6z M7.8,13.2V1.7c0-0.2-0.1-0.4-0.3-0.5C7.3,1,7,0.9,6.8,0.9H1.5c-0.4,0-0.6,0.2-0.6,0.6v10.6c0,0.2,0.1,0.3,0.2,0.5s0.3,0.2,0.4,0.2h5.3C7.3,12.8,7.6,12.9,7.8,13.2zM15.2,12.1V1.5c0-0.4-0.2-0.6-0.6-0.6h-1.2v4.9l-1.8-1.2L9.8,5.7V0.9H9.3C9,0.9,8.8,1,8.6,1.2C8.4,1.3,8.3,1.5,8.3,1.7v11.5c0.1-0.3,0.4-0.4,0.9-0.4h5.3c0.2,0,0.3-0.1,0.4-0.2S15.2,12.3,15.2,12.1z M10.4,0.9v3.7l0.9-0.5l0.3-0.2l0.3,0.2l0.9,0.5V0.9H10.4z\"\/><\/svg>\t<a href=\"https:\/\/mediadorconflictos.com\/ca\/category\/mediacio-i-conciliacio\/\" rel=\"category tag\">Mediaci\u00f3 i Conciliaci\u00f3<\/a><\/div>\n\t\t\t\t<\/div>\n\t\t\t\t\t\t<div class=\"qodef-e-text\">\n\t\t\t\t<h2 itemprop=\"name\" class=\"qodef-e-title entry-title\">\n\t<a itemprop=\"url\" class=\"qodef-e-title-link\" href=\"https:\/\/mediadorconflictos.com\/ca\/quan-la-salut-entra-en-conflicte-mediacio-per-construir-acords\/\">\n\t\tQuan la salut entra en conflicte: mediaci\u00f3 per construir acords\t<\/a>\n<\/h2>\n\t\t\t<\/div>\n\t\t\t\t\t<\/div>\n\t<\/div>\n<\/article>\n<article class=\"qodef-e qodef-blog-item qodef-grid-item qodef-item--custom post-17926 post type-post status-publish format-standard has-post-thumbnail hentry category-actualitat tag-blog-ca\">\n\t<div class=\"qodef-e-inner\">\n\t\t<div class=\"qodef-e-media\">\n\t\t<div class=\"qodef-e-media-image\">\n\t\t<a itemprop=\"url\" href=\"https:\/\/mediadorconflictos.com\/ca\/present-i-futur-de-larbitratge-de-consum\/\">\n\t\t\t<img loading=\"lazy\" decoding=\"async\" src=\"https:\/\/mediadorconflictos.com\/wp-content\/uploads\/2026\/01\/ARBITRAJE-ICAB-ENERO-2026-FOTO-4-800x600.jpg\" alt=\"\" width=\"800\" height=\"600\" \/>\t\t<\/a>\n\t\t\t<\/div>\n<\/div>\n\t\t<div class=\"qodef-e-content\">\n\t\t\t\t\t\t\t<div class=\"qodef-e-info qodef-info--top\">\n\t\t\t\t\t<div itemprop=\"dateCreated\" class=\"qodef-e-info-item qodef-e-info-date entry-date \">\n\t<a itemprop=\"url\" href=\"https:\/\/mediadorconflictos.com\/ca\/2026\/01\/\">\n\t\t<svg class=\"qodef-e-info-item-icon\" xmlns=\"http:\/\/www.w3.org\/2000\/svg\" x=\"0px\" y=\"0px\" viewBox=\"0 0 14.6 14.6\" xml:space=\"preserve\"><path d=\"M10.9,1.3V0.2h-0.6v1.2H4.3V0.2H3.7v1.2H0.2v13.1h14.3V1.3H10.9z M10.9,1.9v1.2h-0.6V1.9H10.9z M4.3,1.9v1.2H3.7V1.9H4.3z M13.8,13.8H0.8V4.9h13.1V13.8z\"\/><\/svg>\t\t17\/01\/2026\t<\/a>\n<\/div>\n<div class=\"qodef-e-info-item qodef-e-info-category\">\n\t<svg class=\"qodef-e-info-item-icon\" xmlns=\"http:\/\/www.w3.org\/2000\/svg\" x=\"0px\" y=\"0px\" viewBox=\"0 0 16.1 14.9\" xml:space=\"preserve\"><path d=\"M14.6,0.3c0.3,0,0.6,0.1,0.9,0.3s0.4,0.5,0.4,0.9v10.6c0,0.3-0.1,0.6-0.4,0.9s-0.5,0.4-0.9,0.4H9.3c-0.6,0-0.9,0.2-0.9,0.7v0.5H8H7.8v-0.5c0-0.5-0.3-0.7-0.9-0.7H1.5c-0.3,0-0.6-0.1-0.9-0.4c-0.2-0.2-0.4-0.5-0.4-0.9V1.5c0-0.3,0.1-0.6,0.4-0.9c0.2-0.2,0.5-0.3,0.9-0.3h5.6c0.4,0,0.7,0.1,1,0.4c0.2-0.3,0.6-0.4,1-0.4H14.6z M7.8,13.2V1.7c0-0.2-0.1-0.4-0.3-0.5C7.3,1,7,0.9,6.8,0.9H1.5c-0.4,0-0.6,0.2-0.6,0.6v10.6c0,0.2,0.1,0.3,0.2,0.5s0.3,0.2,0.4,0.2h5.3C7.3,12.8,7.6,12.9,7.8,13.2zM15.2,12.1V1.5c0-0.4-0.2-0.6-0.6-0.6h-1.2v4.9l-1.8-1.2L9.8,5.7V0.9H9.3C9,0.9,8.8,1,8.6,1.2C8.4,1.3,8.3,1.5,8.3,1.7v11.5c0.1-0.3,0.4-0.4,0.9-0.4h5.3c0.2,0,0.3-0.1,0.4-0.2S15.2,12.3,15.2,12.1z M10.4,0.9v3.7l0.9-0.5l0.3-0.2l0.3,0.2l0.9,0.5V0.9H10.4z\"\/><\/svg>\t<a href=\"https:\/\/mediadorconflictos.com\/ca\/category\/actualitat\/\" rel=\"category tag\">Actualitat<\/a><\/div>\n\t\t\t\t<\/div>\n\t\t\t\t\t\t<div class=\"qodef-e-text\">\n\t\t\t\t<h2 itemprop=\"name\" class=\"qodef-e-title entry-title\">\n\t<a itemprop=\"url\" class=\"qodef-e-title-link\" href=\"https:\/\/mediadorconflictos.com\/ca\/present-i-futur-de-larbitratge-de-consum\/\">\n\t\tPresent i futur de l\u2019arbitratge de consum\t<\/a>\n<\/h2>\n\t\t\t<\/div>\n\t\t\t\t\t<\/div>\n\t<\/div>\n<\/article>\n<article class=\"qodef-e qodef-blog-item qodef-grid-item qodef-item--custom post-17875 post type-post status-publish format-standard has-post-thumbnail hentry category-entrevistes tag-blog-ca\">\n\t<div class=\"qodef-e-inner\">\n\t\t<div class=\"qodef-e-media\">\n\t\t<div class=\"qodef-e-media-image\">\n\t\t<a itemprop=\"url\" href=\"https:\/\/mediadorconflictos.com\/ca\/entrevista-a-alberto-ramos-cazorla\/\">\n\t\t\t<img loading=\"lazy\" decoding=\"async\" src=\"https:\/\/mediadorconflictos.com\/wp-content\/uploads\/2026\/01\/ALBERTO-RAMOS-CAZORLA-AMB-JAUME-COLLBONI-25.12.2025-SANT-EGIDI-800x600.jpg\" alt=\"\" width=\"800\" height=\"600\" \/>\t\t<\/a>\n\t\t\t<\/div>\n<\/div>\n\t\t<div class=\"qodef-e-content\">\n\t\t\t\t\t\t\t<div class=\"qodef-e-info qodef-info--top\">\n\t\t\t\t\t<div itemprop=\"dateCreated\" class=\"qodef-e-info-item qodef-e-info-date entry-date \">\n\t<a itemprop=\"url\" href=\"https:\/\/mediadorconflictos.com\/ca\/2026\/01\/\">\n\t\t<svg class=\"qodef-e-info-item-icon\" xmlns=\"http:\/\/www.w3.org\/2000\/svg\" x=\"0px\" y=\"0px\" viewBox=\"0 0 14.6 14.6\" xml:space=\"preserve\"><path d=\"M10.9,1.3V0.2h-0.6v1.2H4.3V0.2H3.7v1.2H0.2v13.1h14.3V1.3H10.9z M10.9,1.9v1.2h-0.6V1.9H10.9z M4.3,1.9v1.2H3.7V1.9H4.3z M13.8,13.8H0.8V4.9h13.1V13.8z\"\/><\/svg>\t\t10\/01\/2026\t<\/a>\n<\/div>\n<div class=\"qodef-e-info-item qodef-e-info-category\">\n\t<svg class=\"qodef-e-info-item-icon\" xmlns=\"http:\/\/www.w3.org\/2000\/svg\" x=\"0px\" y=\"0px\" viewBox=\"0 0 16.1 14.9\" xml:space=\"preserve\"><path d=\"M14.6,0.3c0.3,0,0.6,0.1,0.9,0.3s0.4,0.5,0.4,0.9v10.6c0,0.3-0.1,0.6-0.4,0.9s-0.5,0.4-0.9,0.4H9.3c-0.6,0-0.9,0.2-0.9,0.7v0.5H8H7.8v-0.5c0-0.5-0.3-0.7-0.9-0.7H1.5c-0.3,0-0.6-0.1-0.9-0.4c-0.2-0.2-0.4-0.5-0.4-0.9V1.5c0-0.3,0.1-0.6,0.4-0.9c0.2-0.2,0.5-0.3,0.9-0.3h5.6c0.4,0,0.7,0.1,1,0.4c0.2-0.3,0.6-0.4,1-0.4H14.6z M7.8,13.2V1.7c0-0.2-0.1-0.4-0.3-0.5C7.3,1,7,0.9,6.8,0.9H1.5c-0.4,0-0.6,0.2-0.6,0.6v10.6c0,0.2,0.1,0.3,0.2,0.5s0.3,0.2,0.4,0.2h5.3C7.3,12.8,7.6,12.9,7.8,13.2zM15.2,12.1V1.5c0-0.4-0.2-0.6-0.6-0.6h-1.2v4.9l-1.8-1.2L9.8,5.7V0.9H9.3C9,0.9,8.8,1,8.6,1.2C8.4,1.3,8.3,1.5,8.3,1.7v11.5c0.1-0.3,0.4-0.4,0.9-0.4h5.3c0.2,0,0.3-0.1,0.4-0.2S15.2,12.3,15.2,12.1z M10.4,0.9v3.7l0.9-0.5l0.3-0.2l0.3,0.2l0.9,0.5V0.9H10.4z\"\/><\/svg>\t<a href=\"https:\/\/mediadorconflictos.com\/ca\/category\/entrevistes\/\" rel=\"category tag\">Entrevistes<\/a><\/div>\n\t\t\t\t<\/div>\n\t\t\t\t\t\t<div class=\"qodef-e-text\">\n\t\t\t\t<h2 itemprop=\"name\" class=\"qodef-e-title entry-title\">\n\t<a itemprop=\"url\" class=\"qodef-e-title-link\" href=\"https:\/\/mediadorconflictos.com\/ca\/entrevista-a-alberto-ramos-cazorla\/\">\n\t\tENTREVISTA A ALBERTO RAMOS CAZORLA\t<\/a>\n<\/h2>\n\t\t\t<\/div>\n\t\t\t\t\t<\/div>\n\t<\/div>\n<\/article>\n<article class=\"qodef-e qodef-blog-item qodef-grid-item qodef-item--custom post-17860 post type-post status-publish format-standard has-post-thumbnail hentry category-actualitat tag-blog-ca\">\n\t<div class=\"qodef-e-inner\">\n\t\t<div class=\"qodef-e-media\">\n\t\t<div class=\"qodef-e-media-image\">\n\t\t<a itemprop=\"url\" href=\"https:\/\/mediadorconflictos.com\/ca\/estrategies-de-mediacio-despres-de-la-lo-1-2025\/\">\n\t\t\t<img loading=\"lazy\" decoding=\"async\" src=\"https:\/\/mediadorconflictos.com\/wp-content\/uploads\/2026\/01\/Juzgados-800x600.jpg\" alt=\"\" width=\"800\" height=\"600\" \/>\t\t<\/a>\n\t\t\t<\/div>\n<\/div>\n\t\t<div class=\"qodef-e-content\">\n\t\t\t\t\t\t\t<div class=\"qodef-e-info qodef-info--top\">\n\t\t\t\t\t<div itemprop=\"dateCreated\" class=\"qodef-e-info-item qodef-e-info-date entry-date \">\n\t<a itemprop=\"url\" href=\"https:\/\/mediadorconflictos.com\/ca\/2026\/01\/\">\n\t\t<svg class=\"qodef-e-info-item-icon\" xmlns=\"http:\/\/www.w3.org\/2000\/svg\" x=\"0px\" y=\"0px\" viewBox=\"0 0 14.6 14.6\" xml:space=\"preserve\"><path d=\"M10.9,1.3V0.2h-0.6v1.2H4.3V0.2H3.7v1.2H0.2v13.1h14.3V1.3H10.9z M10.9,1.9v1.2h-0.6V1.9H10.9z M4.3,1.9v1.2H3.7V1.9H4.3z M13.8,13.8H0.8V4.9h13.1V13.8z\"\/><\/svg>\t\t09\/01\/2026\t<\/a>\n<\/div>\n<div class=\"qodef-e-info-item qodef-e-info-category\">\n\t<svg class=\"qodef-e-info-item-icon\" xmlns=\"http:\/\/www.w3.org\/2000\/svg\" x=\"0px\" y=\"0px\" viewBox=\"0 0 16.1 14.9\" xml:space=\"preserve\"><path d=\"M14.6,0.3c0.3,0,0.6,0.1,0.9,0.3s0.4,0.5,0.4,0.9v10.6c0,0.3-0.1,0.6-0.4,0.9s-0.5,0.4-0.9,0.4H9.3c-0.6,0-0.9,0.2-0.9,0.7v0.5H8H7.8v-0.5c0-0.5-0.3-0.7-0.9-0.7H1.5c-0.3,0-0.6-0.1-0.9-0.4c-0.2-0.2-0.4-0.5-0.4-0.9V1.5c0-0.3,0.1-0.6,0.4-0.9c0.2-0.2,0.5-0.3,0.9-0.3h5.6c0.4,0,0.7,0.1,1,0.4c0.2-0.3,0.6-0.4,1-0.4H14.6z M7.8,13.2V1.7c0-0.2-0.1-0.4-0.3-0.5C7.3,1,7,0.9,6.8,0.9H1.5c-0.4,0-0.6,0.2-0.6,0.6v10.6c0,0.2,0.1,0.3,0.2,0.5s0.3,0.2,0.4,0.2h5.3C7.3,12.8,7.6,12.9,7.8,13.2zM15.2,12.1V1.5c0-0.4-0.2-0.6-0.6-0.6h-1.2v4.9l-1.8-1.2L9.8,5.7V0.9H9.3C9,0.9,8.8,1,8.6,1.2C8.4,1.3,8.3,1.5,8.3,1.7v11.5c0.1-0.3,0.4-0.4,0.9-0.4h5.3c0.2,0,0.3-0.1,0.4-0.2S15.2,12.3,15.2,12.1z M10.4,0.9v3.7l0.9-0.5l0.3-0.2l0.3,0.2l0.9,0.5V0.9H10.4z\"\/><\/svg>\t<a href=\"https:\/\/mediadorconflictos.com\/ca\/category\/actualitat\/\" rel=\"category tag\">Actualitat<\/a><\/div>\n\t\t\t\t<\/div>\n\t\t\t\t\t\t<div class=\"qodef-e-text\">\n\t\t\t\t<h2 itemprop=\"name\" class=\"qodef-e-title entry-title\">\n\t<a itemprop=\"url\" class=\"qodef-e-title-link\" href=\"https:\/\/mediadorconflictos.com\/ca\/estrategies-de-mediacio-despres-de-la-lo-1-2025\/\">\n\t\tEstrat\u00e8gies de mediaci\u00f3 despr\u00e9s de la LO 1\/2025\t<\/a>\n<\/h2>\n\t\t\t<\/div>\n\t\t\t\t\t<\/div>\n\t<\/div>\n<\/article>\n<article class=\"qodef-e qodef-blog-item qodef-grid-item qodef-item--custom post-17838 post type-post status-publish format-standard has-post-thumbnail hentry category-entrevistes tag-blog-ca\">\n\t<div class=\"qodef-e-inner\">\n\t\t<div class=\"qodef-e-media\">\n\t\t<div class=\"qodef-e-media-image\">\n\t\t<a itemprop=\"url\" href=\"https:\/\/mediadorconflictos.com\/ca\/entrevista-a-raul-gomez-ojados-mediador-i-perit-judicial-a-cartagena\/\">\n\t\t\t<img loading=\"lazy\" decoding=\"async\" src=\"https:\/\/mediadorconflictos.com\/wp-content\/uploads\/2026\/01\/RAUL-GOMEZ-OJADOS-DESEMBRE-2025-FOTO-2-800x600.jpg\" alt=\"\" width=\"800\" height=\"600\" \/>\t\t<\/a>\n\t\t\t<\/div>\n<\/div>\n\t\t<div class=\"qodef-e-content\">\n\t\t\t\t\t\t\t<div class=\"qodef-e-info qodef-info--top\">\n\t\t\t\t\t<div itemprop=\"dateCreated\" class=\"qodef-e-info-item qodef-e-info-date entry-date \">\n\t<a itemprop=\"url\" href=\"https:\/\/mediadorconflictos.com\/ca\/2026\/01\/\">\n\t\t<svg class=\"qodef-e-info-item-icon\" xmlns=\"http:\/\/www.w3.org\/2000\/svg\" x=\"0px\" y=\"0px\" viewBox=\"0 0 14.6 14.6\" xml:space=\"preserve\"><path d=\"M10.9,1.3V0.2h-0.6v1.2H4.3V0.2H3.7v1.2H0.2v13.1h14.3V1.3H10.9z M10.9,1.9v1.2h-0.6V1.9H10.9z M4.3,1.9v1.2H3.7V1.9H4.3z M13.8,13.8H0.8V4.9h13.1V13.8z\"\/><\/svg>\t\t01\/01\/2026\t<\/a>\n<\/div>\n<div class=\"qodef-e-info-item qodef-e-info-category\">\n\t<svg class=\"qodef-e-info-item-icon\" xmlns=\"http:\/\/www.w3.org\/2000\/svg\" x=\"0px\" y=\"0px\" viewBox=\"0 0 16.1 14.9\" xml:space=\"preserve\"><path d=\"M14.6,0.3c0.3,0,0.6,0.1,0.9,0.3s0.4,0.5,0.4,0.9v10.6c0,0.3-0.1,0.6-0.4,0.9s-0.5,0.4-0.9,0.4H9.3c-0.6,0-0.9,0.2-0.9,0.7v0.5H8H7.8v-0.5c0-0.5-0.3-0.7-0.9-0.7H1.5c-0.3,0-0.6-0.1-0.9-0.4c-0.2-0.2-0.4-0.5-0.4-0.9V1.5c0-0.3,0.1-0.6,0.4-0.9c0.2-0.2,0.5-0.3,0.9-0.3h5.6c0.4,0,0.7,0.1,1,0.4c0.2-0.3,0.6-0.4,1-0.4H14.6z M7.8,13.2V1.7c0-0.2-0.1-0.4-0.3-0.5C7.3,1,7,0.9,6.8,0.9H1.5c-0.4,0-0.6,0.2-0.6,0.6v10.6c0,0.2,0.1,0.3,0.2,0.5s0.3,0.2,0.4,0.2h5.3C7.3,12.8,7.6,12.9,7.8,13.2zM15.2,12.1V1.5c0-0.4-0.2-0.6-0.6-0.6h-1.2v4.9l-1.8-1.2L9.8,5.7V0.9H9.3C9,0.9,8.8,1,8.6,1.2C8.4,1.3,8.3,1.5,8.3,1.7v11.5c0.1-0.3,0.4-0.4,0.9-0.4h5.3c0.2,0,0.3-0.1,0.4-0.2S15.2,12.3,15.2,12.1z M10.4,0.9v3.7l0.9-0.5l0.3-0.2l0.3,0.2l0.9,0.5V0.9H10.4z\"\/><\/svg>\t<a href=\"https:\/\/mediadorconflictos.com\/ca\/category\/entrevistes\/\" rel=\"category tag\">Entrevistes<\/a><\/div>\n\t\t\t\t<\/div>\n\t\t\t\t\t\t<div class=\"qodef-e-text\">\n\t\t\t\t<h2 itemprop=\"name\" class=\"qodef-e-title entry-title\">\n\t<a itemprop=\"url\" class=\"qodef-e-title-link\" href=\"https:\/\/mediadorconflictos.com\/ca\/entrevista-a-raul-gomez-ojados-mediador-i-perit-judicial-a-cartagena\/\">\n\t\tEntrevista a Ra\u00fal G\u00f3mez Ojados, mediador i perit judicial a Cartagena\t<\/a>\n<\/h2>\n\t\t\t<\/div>\n\t\t\t\t\t<\/div>\n\t<\/div>\n<\/article>\n\t<\/div>\n\t\t<div class=\"qodef-addons-m-pagination qodef--standard\">\n\t\t<nav class=\"navigation pagination\" role=\"navigation\" aria-label=\"Posts\">\n\t\t\t<h2 class=\"screen-reader-text\">Posts navigation<\/h2>\n\t\t\t<div class=\"nav-links\">\n\t\t\t\t<span aria-current=\"page\" class=\"page-numbers current\">1<\/span>\n<a class=\"page-numbers\" href=\"https:\/\/mediadorconflictos.com\/ca\/wp-json\/wp\/v2\/pages\/12403\/page\/2\/\">2<\/a>\n<a class=\"page-numbers\" href=\"https:\/\/mediadorconflictos.com\/ca\/wp-json\/wp\/v2\/pages\/12403\/page\/3\/\">3<\/a>\n<span class=\"page-numbers dots\">&hellip;<\/span>\n<a class=\"page-numbers\" href=\"https:\/\/mediadorconflictos.com\/ca\/wp-json\/wp\/v2\/pages\/12403\/page\/7\/\">7<\/a>\n<a class=\"next page-numbers\" href=\"https:\/\/mediadorconflictos.com\/ca\/wp-json\/wp\/v2\/pages\/12403\/page\/2\/\"><svg class=\"qodef-m-pagination-icon\" xmlns=\"http:\/\/www.w3.org\/2000\/svg\" x=\"0px\" y=\"0px\" viewBox=\"0 0 34.2 32.3\" xml:space=\"preserve\" style=\"stroke-width: 2;\"><line x1=\"0\" y1=\"16\" x2=\"33\" y2=\"16\"\/><line x1=\"17.3\" y1=\"0.7\" x2=\"33.2\" y2=\"16.5\"\/><line x1=\"17.3\" y1=\"31.6\" x2=\"33.5\" y2=\"15.4\"\/><\/svg><\/a>\t\t\t<\/div>\n\t\t<\/nav>\n\t<\/div>\n<\/div>\n\t\t\t\t<\/div>\n\t\t\t\t<\/div>\n\t\t\t\t<\/div>\n\t\t\t\t\t<\/div>\n\t\t\t\t<\/div>\n\t\t\t\t<\/div>\n\t\t","protected":false},"excerpt":{"rendered":"<p>Blog Casos d&#8217;\u00e8xit, not\u00edcies sobre la manera de treballar i conflictes resolts. 15\/11\/2025 Actualidad Soft skills, comunicaci\u00f3n eficaz y talento joven: Amina Menni en la Salle Gr\u00e0cia 15\/11\/2025 Conceptos Los Estatutos y el Reglamento de R\u00e9gimen Interior 08\/11\/2025 ActualidadFormaci\u00f3nJusticia Restaurativa Jean Schmitz en Barcelona 08\/11\/2025&#8230;<\/p>\n","protected":false},"author":1,"featured_media":0,"parent":0,"menu_order":0,"comment_status":"closed","ping_status":"closed","template":"elementor_header_footer","meta":{"footnotes":""},"class_list":["post-12403","page","type-page","status-publish","hentry"],"_links":{"self":[{"href":"https:\/\/mediadorconflictos.com\/ca\/wp-json\/wp\/v2\/pages\/12403","targetHints":{"allow":["GET"]}}],"collection":[{"href":"https:\/\/mediadorconflictos.com\/ca\/wp-json\/wp\/v2\/pages"}],"about":[{"href":"https:\/\/mediadorconflictos.com\/ca\/wp-json\/wp\/v2\/types\/page"}],"author":[{"embeddable":true,"href":"https:\/\/mediadorconflictos.com\/ca\/wp-json\/wp\/v2\/users\/1"}],"replies":[{"embeddable":true,"href":"https:\/\/mediadorconflictos.com\/ca\/wp-json\/wp\/v2\/comments?post=12403"}],"version-history":[{"count":32,"href":"https:\/\/mediadorconflictos.com\/ca\/wp-json\/wp\/v2\/pages\/12403\/revisions"}],"predecessor-version":[{"id":16731,"href":"https:\/\/mediadorconflictos.com\/ca\/wp-json\/wp\/v2\/pages\/12403\/revisions\/16731"}],"wp:attachment":[{"href":"https:\/\/mediadorconflictos.com\/ca\/wp-json\/wp\/v2\/media?parent=12403"}],"curies":[{"name":"wp","href":"https:\/\/api.w.org\/{rel}","templated":true}]}}